{"id":36290,"date":"2023-08-28T12:01:43","date_gmt":"2023-08-28T10:01:43","guid":{"rendered":"https:\/\/hebergement2.ch\/allgemeine-bedingungen\/"},"modified":"2024-10-23T14:23:29","modified_gmt":"2024-10-23T12:23:29","slug":"allgemeine-bedingungen","status":"publish","type":"page","link":"https:\/\/ess-villars.ch\/de\/pratique\/conditions-generales","title":{"rendered":"Allgemeine Gesch\u00e4ftsbedingungen"},"content":{"rendered":"\t\t<div data-elementor-type=\"wp-page\" data-elementor-id=\"36290\" class=\"elementor elementor-36290 elementor-31184\" data-elementor-post-type=\"page\">\n\t\t\t\t<div class=\"elementor-element elementor-element-a5b5c5b e-flex e-con-boxed e-con e-parent\" data-id=\"a5b5c5b\" data-element_type=\"container\" data-e-type=\"container\" data-settings=\"{&quot;background_background&quot;:&quot;classic&quot;}\">\n\t\t\t\t\t<div class=\"e-con-inner\">\n\t\t\t\t<div class=\"elementor-element elementor-element-f30e348 elementor-widget elementor-widget-heading\" data-id=\"f30e348\" data-element_type=\"widget\" data-e-type=\"widget\" data-widget_type=\"heading.default\">\n\t\t\t\t<div class=\"elementor-widget-container\">\n\t\t\t\t\t<h1 class=\"elementor-heading-title elementor-size-default\">Allgemeine Gesch\u00e4ftsbedingungen<\/h1>\t\t\t\t<\/div>\n\t\t\t\t<\/div>\n\t\t\t\t\t<\/div>\n\t\t\t\t<\/div>\n\t\t<div class=\"elementor-element elementor-element-9ae2619 e-flex e-con-boxed e-con e-parent\" data-id=\"9ae2619\" data-element_type=\"container\" data-e-type=\"container\">\n\t\t\t\t\t<div class=\"e-con-inner\">\n\t\t\t\t<div class=\"elementor-element elementor-element-845e428 elementor-widget elementor-widget-heading\" data-id=\"845e428\" data-element_type=\"widget\" data-e-type=\"widget\" data-widget_type=\"heading.default\">\n\t\t\t\t<div class=\"elementor-widget-container\">\n\t\t\t\t\t<h2 class=\"elementor-heading-title elementor-size-default\">Allgemeine Gesch\u00e4ftsbedingungen der Schweizer Skischule Villars\n<\/h2>\t\t\t\t<\/div>\n\t\t\t\t<\/div>\n\t\t\t\t<div class=\"elementor-element elementor-element-ec681f9 elementor-widget elementor-widget-text-editor\" data-id=\"ec681f9\" data-element_type=\"widget\" data-e-type=\"widget\" data-widget_type=\"text-editor.default\">\n\t\t\t\t<div class=\"elementor-widget-container\">\n\t\t\t\t\t\t\t\t\t<p>Die Inanspruchnahme von Leistungen der Schweizer Skischule Villars setzt die Annahme dieser Bedingungen voraus. <\/p>\n\t\t\t\t\t\t\t\t<\/div>\n\t\t\t\t<\/div>\n\t\t\t\t<div class=\"elementor-element elementor-element-0ef4252 elementor-widget elementor-widget-heading\" data-id=\"0ef4252\" data-element_type=\"widget\" data-e-type=\"widget\" data-widget_type=\"heading.default\">\n\t\t\t\t<div class=\"elementor-widget-container\">\n\t\t\t\t\t<h3 class=\"elementor-heading-title elementor-size-default\">1. Beteiligte<\/h3>\t\t\t\t<\/div>\n\t\t\t\t<\/div>\n\t\t\t\t<div class=\"elementor-element elementor-element-26bd4a9 elementor-widget elementor-widget-text-editor\" data-id=\"26bd4a9\" data-element_type=\"widget\" data-e-type=\"widget\" data-widget_type=\"text-editor.default\">\n\t\t\t\t<div class=\"elementor-widget-container\">\n\t\t\t\t\t\t\t\t\t<p>Alle Skilehrer der Schweizer Skischule Villars haben eine vom Kanton Waadt zertifizierte Ausbildung absolviert und verf\u00fcgen \u00fcber den Fachausweis zum Unterrichten von Ski oder anderen gleichgestellten Disziplinen.<\/p>\n\t\t\t\t\t\t\t\t<\/div>\n\t\t\t\t<\/div>\n\t\t\t\t<div class=\"elementor-element elementor-element-12308f0 elementor-widget elementor-widget-heading\" data-id=\"12308f0\" data-element_type=\"widget\" data-e-type=\"widget\" data-widget_type=\"heading.default\">\n\t\t\t\t<div class=\"elementor-widget-container\">\n\t\t\t\t\t<h3 class=\"elementor-heading-title elementor-size-default\">2. Preise<\/h3>\t\t\t\t<\/div>\n\t\t\t\t<\/div>\n\t\t\t\t<div class=\"elementor-element elementor-element-af82228 elementor-widget elementor-widget-text-editor\" data-id=\"af82228\" data-element_type=\"widget\" data-e-type=\"widget\" data-widget_type=\"text-editor.default\">\n\t\t\t\t<div class=\"elementor-widget-container\">\n\t\t\t\t\t\t\t\t\t<p>Die Tarife der Schweizer Skischule Villars werden in unseren B\u00fcros, auf unserer Internetseite, auf den Buchungsbest\u00e4tigungen sowie auf den verschiedenen Kommunikationsdokumenten der Skischule ausgeh\u00e4ngt. <br \/>Die angegebenen Preise beinhalten den von den Lehrern der Schweizer Skischule Villars erteilten Unterricht und schliessen alle anderen Leistungen aus (Versicherung, Liftkarte, Material, Transport und Mahlzeiten, sofern nicht anders erw\u00e4hnt).<\/p>\n\t\t\t\t\t\t\t\t<\/div>\n\t\t\t\t<\/div>\n\t\t\t\t<div class=\"elementor-element elementor-element-4573dae elementor-widget elementor-widget-heading\" data-id=\"4573dae\" data-element_type=\"widget\" data-e-type=\"widget\" data-widget_type=\"heading.default\">\n\t\t\t\t<div class=\"elementor-widget-container\">\n\t\t\t\t\t<h3 class=\"elementor-heading-title elementor-size-default\">3. Zahlung<\/h3>\t\t\t\t<\/div>\n\t\t\t\t<\/div>\n\t\t\t\t<div class=\"elementor-element elementor-element-809c077 elementor-widget elementor-widget-text-editor\" data-id=\"809c077\" data-element_type=\"widget\" data-e-type=\"widget\" data-widget_type=\"text-editor.default\">\n\t\t\t\t<div class=\"elementor-widget-container\">\n\t\t\t\t\t\t\t\t\t<p>Der Kurspreis ist bei der Buchung f\u00e4llig. <br \/>Der Kunde hat die M\u00f6glichkeit, die Zahlung \u00fcber die verschiedenen, unten genannten Wege zu t\u00e4tigen:<\/p><ul><li>Bankkarten: Visa, Mastercard, Maestro, Postcard, American Express<\/li><li>Vom B\u00fcro gesendeter Zahlungslink<\/li><li>Bargeld<\/li><li>Geschenkgutschein<\/li><li>Twint<\/li><\/ul>\t\t\t\t\t\t\t\t<\/div>\n\t\t\t\t<\/div>\n\t\t\t\t<div class=\"elementor-element elementor-element-6aec03c elementor-widget elementor-widget-heading\" data-id=\"6aec03c\" data-element_type=\"widget\" data-e-type=\"widget\" data-widget_type=\"heading.default\">\n\t\t\t\t<div class=\"elementor-widget-container\">\n\t\t\t\t\t<h3 class=\"elementor-heading-title elementor-size-default\">4. Kursspezifische Bedingungen<\/h3>\t\t\t\t<\/div>\n\t\t\t\t<\/div>\n\t\t\t\t<div class=\"elementor-element elementor-element-8f7e8ca elementor-widget elementor-widget-text-editor\" data-id=\"8f7e8ca\" data-element_type=\"widget\" data-e-type=\"widget\" data-widget_type=\"text-editor.default\">\n\t\t\t\t<div class=\"elementor-widget-container\">\n\t\t\t\t\t\t\t\t\t<ul>\n<li style=\"font-weight: 400;\" aria-level=\"1\"><span style=\"font-weight: 400;\">Gruppenkurse finden ab 3 Teilnehmern statt (ausser bei den Gruppenkursen am Vormittag von 10.00 bis 12.00 Uhr, wenn es 1 oder 2 Teilnehmer gibt, dann betr\u00e4gt die Dauer 1 Stunde zum gleichen Preis).<\/span><\/li>\n<li style=\"font-weight: 400;\" aria-level=\"1\"><span style=\"font-weight: 400;\">Die Kursdauer beinhaltet die Fahrt und das Warten an den Skiliften.  <\/span><\/li>\n<li style=\"font-weight: 400;\" aria-level=\"1\"><span style=\"font-weight: 400;\">Der Lehrer ist nicht verpflichtet, wegen Nachz\u00fcgler mit dem Beginn des Gruppenunterrichts zu warten.<\/span><\/li>\n<li style=\"font-weight: 400;\" aria-level=\"1\"><span style=\"font-weight: 400;\">Der Gruppenunterricht wird auf Franz\u00f6sisch und\/oder Englisch abgehalten.  <\/span><\/li>\n<li style=\"font-weight: 400;\" aria-level=\"1\"><span style=\"font-weight: 400;\">Im Einzelunterricht wird der Lehrer die vom Sch\u00fcler gew\u00fcnschte Sprache sprechen, soweit es unsere Verf\u00fcgbarkeit zul\u00e4sst.  <\/span><\/li>\n<\/ul>\n\t\t\t\t\t\t\t\t<\/div>\n\t\t\t\t<\/div>\n\t\t\t\t<div class=\"elementor-element elementor-element-fd048cd elementor-widget elementor-widget-menu-anchor\" data-id=\"fd048cd\" data-element_type=\"widget\" data-e-type=\"widget\" data-widget_type=\"menu-anchor.default\">\n\t\t\t\t<div class=\"elementor-widget-container\">\n\t\t\t\t\t\t\t<div class=\"elementor-menu-anchor\" id=\"stornierung\"><\/div>\n\t\t\t\t\t\t<\/div>\n\t\t\t\t<\/div>\n\t\t\t\t<div class=\"elementor-element elementor-element-6a84c70 elementor-widget elementor-widget-heading\" data-id=\"6a84c70\" data-element_type=\"widget\" data-e-type=\"widget\" data-widget_type=\"heading.default\">\n\t\t\t\t<div class=\"elementor-widget-container\">\n\t\t\t\t\t<h3 class=\"elementor-heading-title elementor-size-default\">5. Stornierung oder Abbruch durch den Kunden<\/h3>\t\t\t\t<\/div>\n\t\t\t\t<\/div>\n\t\t\t\t<div class=\"elementor-element elementor-element-936bd4f elementor-widget elementor-widget-text-editor\" data-id=\"936bd4f\" data-element_type=\"widget\" data-e-type=\"widget\" data-widget_type=\"text-editor.default\">\n\t\t\t\t<div class=\"elementor-widget-container\">\n\t\t\t\t\t\t\t\t\t<p><span style=\"font-weight: 400;\">Jede Buchung kann bis sp\u00e4testens 8 Tage vor Kursbeginn kostenlos storniert oder umgebucht werden.<\/span><\/p>\n<p><span style=\"font-weight: 400;\">F\u00fcr \u00c4nderungen oder Stornierungen in der Woche vor dem Kurs, jedoch maximal 48 Stunden vor dem Kurs, muss der Kunde eine Verwaltungsgeb\u00fchr von CHF 30 begleichen.<\/span><span style=\"font-weight: 400;\"><br \/><\/span><span style=\"font-weight: 400;\">Bei \u00c4nderungen oder Stornierungen innerhalb von 48 Stunden vor dem Kurs muss der Kunde 100 % des f\u00e4lligen Betrags zahlen.<\/span><\/p>\n<p><span style=\"font-weight: 400;\">Es wird empfohlen, eine Stornierungsversicherung \u201eCours Protect\u201c abzuschliessen, die beim Kauf des Skikurses erh\u00e4ltlich ist (Details siehe unten).<\/span><\/p>\n<p><span style=\"font-weight: 400;\">Wenn der Kunde nicht zu Beginn des Kurses erscheint und\/oder den Kurs w\u00e4hrend der Leistung abbricht, wird der Preis f\u00fcr den Kurs nicht zur\u00fcckerstattet.  <\/span><\/p>\n<p><span style=\"font-weight: 400;\">Der Unterricht findet bei jedem Wetter statt. Die Wetterbedingungen sind in keinem Fall ein Grund f\u00fcr die Stornierung oder Verschiebung des Kurses.  <\/span><\/p>\n\t\t\t\t\t\t\t\t<\/div>\n\t\t\t\t<\/div>\n\t\t\t\t<div class=\"elementor-element elementor-element-165c0b7 elementor-widget elementor-widget-image\" data-id=\"165c0b7\" data-element_type=\"widget\" data-e-type=\"widget\" data-widget_type=\"image.default\">\n\t\t\t\t<div class=\"elementor-widget-container\">\n\t\t\t\t\t\t\t\t\t\t\t\t\t\t\t\t<a href=\"https:\/\/ess-villars.ch\/wp-content\/uploads\/2024\/08\/cours-protect-all.png\" data-elementor-open-lightbox=\"yes\" data-e-action-hash=\"#elementor-action%3Aaction%3Dlightbox%26settings%3DeyJpZCI6NDY2NDAsInVybCI6Imh0dHBzOlwvXC9lc3MtdmlsbGFycy5jaFwvd3AtY29udGVudFwvdXBsb2Fkc1wvMjAyNFwvMDhcL2NvdXJzLXByb3RlY3QtYWxsLnBuZyJ9\">\n\t\t\t\t\t\t\t<img fetchpriority=\"high\" decoding=\"async\" width=\"800\" height=\"443\" src=\"https:\/\/ess-villars.ch\/wp-content\/uploads\/2024\/08\/cours-protect-all.png\" class=\"attachment-large size-large wp-image-46640\" alt=\"\" srcset=\"https:\/\/ess-villars.ch\/wp-content\/uploads\/2024\/08\/cours-protect-all.png 806w, https:\/\/ess-villars.ch\/wp-content\/uploads\/2024\/08\/cours-protect-all-300x166.png 300w, https:\/\/ess-villars.ch\/wp-content\/uploads\/2024\/08\/cours-protect-all-768x425.png 768w\" sizes=\"(max-width: 800px) 100vw, 800px\" \/>\t\t\t\t\t\t\t\t<\/a>\n\t\t\t\t\t\t\t\t\t\t\t\t\t\t\t<\/div>\n\t\t\t\t<\/div>\n\t\t\t\t<div class=\"elementor-element elementor-element-15bcfb8 elementor-widget elementor-widget-heading\" data-id=\"15bcfb8\" data-element_type=\"widget\" data-e-type=\"widget\" data-widget_type=\"heading.default\">\n\t\t\t\t<div class=\"elementor-widget-container\">\n\t\t\t\t\t<h3 class=\"elementor-heading-title elementor-size-default\">Besondere Stornierungsbedingungen :\n<\/h3>\t\t\t\t<\/div>\n\t\t\t\t<\/div>\n\t\t\t\t<div class=\"elementor-element elementor-element-3c0b50c elementor-widget elementor-widget-text-editor\" data-id=\"3c0b50c\" data-element_type=\"widget\" data-e-type=\"widget\" data-widget_type=\"text-editor.default\">\n\t\t\t\t<div class=\"elementor-widget-container\">\n\t\t\t\t\t\t\t\t\t<p style=\"font-weight: 400;\"><strong>Pr\u00e9 OJ Ski \/ Snowboard<\/strong><br \/>Wenn Sie den Saisonkurs Pr\u00e9 OJ absagen m\u00fcssen (Krankheit, Unfall, Umzug&#8230;) verpflichtet sich die Schweizer Skischule, Ihnen die Differenz zwischen dem bezahlten Preis und der Anzahl der besuchten Stunden x CHF 30.00 zur\u00fcckzuerstatten.<\/p>\n<p style=\"font-weight: 400;\"><strong>Mini Champions Ski \/ Snowboard<\/strong><br \/>Wenn Sie den Saisonkurs Mini Champions absagen m\u00fcssen (Krankheit, Unfall, Umzug&#8230;) verpflichtet sich die Schweizer Skischule, Ihnen die Differenz zwischen dem bezahlten Preis und der Anzahl der besuchten Stunden x CHF 60.00 zur\u00fcckzuerstatten.<\/p>\n<p style=\"font-weight: 400;\"><strong>Freestyle Ski Team<\/strong><br \/>Wenn Sie den Saisonkurs Freestyle Ski Team stornieren m\u00fcssen (Krankheit, Unfall, Umzug&#8230;) verpflichtet sich die Schweizer Skischule, Ihnen die Differenz zwischen dem bezahlten Preis und der Anzahl der besuchten Stunden x CHF 60.00 zur\u00fcckzuerstatten.<\/p>\n<p style=\"font-weight: 400;\"><strong>Freeride World Tour<\/strong><br \/>Wenn Sie den Saisonkurs Freeride World Tour stornieren m\u00fcssen (Krankheit, Unfall, Umzug&#8230;) verpflichtet sich Schweizer Skischule, Ihnen die Differenz zwischen dem bezahlten Preis und der Anzahl der besuchten Stunden x CHF 75.00 zur\u00fcckzuerstatten.<\/p>\n<p style=\"font-weight: 400;\"><strong>Les Petites Fus\u00e9es<\/strong><br \/>Das Kind verpflichtet sich f\u00fcr die gesamte Saison. Eine R\u00fcckerstattung erfolgt nicht, wenn das Kind<br \/>abwesend ist oder den Kurs im Laufe der Saison verl\u00e4sst.<\/p>\n<p style=\"font-weight: 400;\"><strong>Rider Sisters Ski<\/strong><br \/>Sie verpflichten sich f\u00fcr die gesamte Saison. Es gibt keine R\u00fcckerstattung, wenn Sie nicht anwesend sind oder den Kurs w\u00e4hrend der Saison verlassen.<\/p>\n<p style=\"font-weight: 400;\"><strong>Heliski<\/strong><br \/>Versp\u00e4tungen, Stornierungen, dem Kunden geschuldet :<br \/>Wenn sich der Abflug durch das Verschulden des Kunden verz\u00f6gert, kann Air-Glaciers den Flug nach einer angemessenen Wartezeit annullieren. In diesem Fall bleibt der vereinbarte Bef\u00f6rderungspreis geschuldet.<br \/>Im Falle einer Stornierung zahlt der Kunde :<br \/>&#8211; 15 bis 2 Tage vor der Flugzeit: 50% des Gesamtpreises<br \/>&#8211; 24 Stunden (einschliesslich \u201eno show\u201c) vor der Flugzeit: 100 % des Preises<\/p>\n<p style=\"font-weight: 400;\"><strong>Tandem Ski<\/strong><br \/>Hier gelten die Stornierungsbedingungen von Go tandem.<\/p>\n<p style=\"font-weight: 400;\"><strong>Gleitschirmfliegen<\/strong><br \/>Stornierung 48 Stunden vor dem Flug m\u00f6glich. Bei weniger als 48 Stunden ist der Flugpreis f\u00e4llig.<\/p>\n\t\t\t\t\t\t\t\t<\/div>\n\t\t\t\t<\/div>\n\t\t\t\t<div class=\"elementor-element elementor-element-2e57073 elementor-widget elementor-widget-heading\" data-id=\"2e57073\" data-element_type=\"widget\" data-e-type=\"widget\" data-widget_type=\"heading.default\">\n\t\t\t\t<div class=\"elementor-widget-container\">\n\t\t\t\t\t<h3 class=\"elementor-heading-title elementor-size-default\">Allgemeine Gesch\u00e4ftsbedingungen - Cours Protect<\/h3>\t\t\t\t<\/div>\n\t\t\t\t<\/div>\n\t\t\t\t<div class=\"elementor-element elementor-element-1e3954b elementor-widget elementor-widget-text-editor\" data-id=\"1e3954b\" data-element_type=\"widget\" data-e-type=\"widget\" data-widget_type=\"text-editor.default\">\n\t\t\t\t<div class=\"elementor-widget-container\">\n\t\t\t\t\t\t\t\t\t<p><span style=\"font-weight: 400;\">&#8222;Cours Protect\u201c ist eine Versicherung, die den Kunden angeboten wird, um die bei der Schweizer Skischule Villars gekauften Kurse zu versichern, und zwar im Falle eines Unfalls, einer Krankheit oder wenn die Kurse aufgrund einer vollst\u00e4ndigen Schliessung des Skigebiets nicht stattfinden. <\/span><\/p>\t\t\t\t\t\t\t\t<\/div>\n\t\t\t\t<\/div>\n\t\t\t\t<div class=\"elementor-element elementor-element-b548619 elementor-widget elementor-widget-n-accordion\" data-id=\"b548619\" data-element_type=\"widget\" data-e-type=\"widget\" data-settings=\"{&quot;default_state&quot;:&quot;all_collapsed&quot;,&quot;max_items_expended&quot;:&quot;one&quot;,&quot;n_accordion_animation_duration&quot;:{&quot;unit&quot;:&quot;ms&quot;,&quot;size&quot;:400,&quot;sizes&quot;:[]}}\" data-widget_type=\"nested-accordion.default\">\n\t\t\t\t<div class=\"elementor-widget-container\">\n\t\t\t\t\t\t\t<div class=\"e-n-accordion\" aria-label=\"Accordion. Open links with Enter or Space, close with Escape, and navigate with Arrow Keys\">\n\t\t\t\t\t\t<details id=\"e-n-accordion-item-1900\" class=\"e-n-accordion-item\" >\n\t\t\t\t<summary class=\"e-n-accordion-item-title\" data-accordion-index=\"1\" tabindex=\"0\" aria-expanded=\"false\" aria-controls=\"e-n-accordion-item-1900\" >\n\t\t\t\t\t<span class='e-n-accordion-item-title-header'><div class=\"e-n-accordion-item-title-text\"> Mehr sehen <\/div><\/span>\n\t\t\t\t\t\t\t<span class='e-n-accordion-item-title-icon'>\n\t\t\t<span class='e-opened' ><i aria-hidden=\"true\" class=\"fas fa-minus\"><\/i><\/span>\n\t\t\t<span class='e-closed'><i aria-hidden=\"true\" class=\"fas fa-plus\"><\/i><\/span>\n\t\t<\/span>\n\n\t\t\t\t\t\t<\/summary>\n\t\t\t\t<div role=\"region\" aria-labelledby=\"e-n-accordion-item-1900\" class=\"elementor-element elementor-element-4fd83d2 e-con-full e-flex e-con e-child\" data-id=\"4fd83d2\" data-element_type=\"container\" data-e-type=\"container\">\n\t\t<div role=\"region\" aria-labelledby=\"e-n-accordion-item-1900\" class=\"elementor-element elementor-element-4fd85b5 e-flex e-con-boxed e-con e-child\" data-id=\"4fd85b5\" data-element_type=\"container\" data-e-type=\"container\">\n\t\t\t\t\t<div class=\"e-con-inner\">\n\t\t\t\t<div class=\"elementor-element elementor-element-4dd42bf elementor-widget elementor-widget-text-editor\" data-id=\"4dd42bf\" data-element_type=\"widget\" data-e-type=\"widget\" data-widget_type=\"text-editor.default\">\n\t\t\t\t<div class=\"elementor-widget-container\">\n\t\t\t\t\t\t\t\t\t<p><strong>Versicherer  <\/strong><\/p>\n<p><span style=\"font-weight: 400;\">Der Versicherer ist die Schweizer Skischule Villars, die eine Versicherungsleistung unter der Marke \u201eCours Protect\u201c anbietet. <\/span><\/p>\n<p><strong>Versicherter <\/strong><\/p>\n<p><span style=\"font-weight: 400;\">Versichert ist eine Person, die bei der Schweizer Skischule Villars Kurse gebucht oder gekauft und eine Versicherung \u201eCours Protect\u201c abgeschlossen hat. <\/span><\/p>\n<p><strong>Versicherte Leistungen<\/strong><\/p>\n<p><span style=\"font-weight: 400;\">\u201eCours Protect&#8220; versichert nur die Kurse, die bei Schweizer Skischule Villars gebucht oder gekauft wurden. <\/span><\/p>\n<p><strong>H\u00f6he der Pr\u00e4mie  <\/strong><\/p>\n<p><span style=\"font-weight: 400;\">CHF 5.- pro Tag und Person.  <\/span><\/p>\n<p><strong>G\u00fcltigkeit der Versicherung  <\/strong><\/p>\n<p><span style=\"font-weight: 400;\">Die Versicherung ist ab dem Zeitpunkt des Kaufs g\u00fcltig, genauer gesagt w\u00e4hrend des Zeitraums der bei der Schweizer Skischule Villars erworbenen Kurstage. <\/span><\/p>\n<p><span style=\"font-weight: 400;\">Nur die Kurse der versicherten Person werden von \u201eCours Protect\u201c abgedeckt. <\/span><\/p>\n<p><strong>Gegenstand des Vertrags  <\/strong><\/p>\n<p><span style=\"font-weight: 400;\">Der Versicherer garantiert die R\u00fcckerstattung oder den Ersatz der vers\u00e4umten Unterrichtsstunden, und zwar gem\u00e4ss den unten aufgef\u00fchrten Versicherungsbedingungen. <\/span><\/p>\n<p><strong>Bedingungen f\u00fcr die Versicherung  <\/strong><\/p>\n<p><span style=\"font-weight: 400;\">\u201eCours Protect\u201c wird die oben genannten Leistungen in den folgenden Situationen gew\u00e4hrleisten: <\/span><\/p>\n<ul>\n<li><span style=\"font-weight: 400;\">Kurse, die mehr als 48 Stunden vor Beginn der Unterrichtsstunde abgesagt oder ge\u00e4ndert werden <\/span><b>ohne Begr\u00fcndung. <\/b> <\/li>\n<li><span style=\"font-weight: 400;\">Kurse, die weniger als 48 Stunden vor Beginn der Stunde abgesagt werden, in den folgenden F\u00e4llen: <\/span><\/li>\n<\/ul>\n<ol>\n<li> <span style=\"font-weight: 400;\"> Im Falle eines Unfalls der versicherten Person, <\/span><b>bei Vorlage eines \u00e4rztlichen Attests <\/b><span style=\"font-weight: 400;\">das w\u00e4hrend der G\u00fcltigkeitsdauer der Versicherung durchgef\u00fchrt wurde. <\/span> <\/li>\n<li> <span style=\"font-weight: 400;\"> Im Falle einer Krankheit der versicherten Person, <\/span><b>bei Vorlage eines \u00e4rztlichen Attests <\/b><span style=\"font-weight: 400;\">das w\u00e4hrend der G\u00fcltigkeitsdauer der Versicherung durchgef\u00fchrt wurde. <\/span> <\/li>\n<li><span style=\"font-weight: 400;\"> Im Falle einer vollst\u00e4ndigen Schliessung des Skigebiets. <\/span><\/li>\n<li><span style=\"font-weight: 400;\">  Im Falle von Besonderheiten im Zusammenhang mit Covid-19.  <\/span><\/li>\n<\/ol>\n<p><strong>R\u00fcckerstattung  <\/strong><\/p>\n<p><span style=\"font-weight: 400;\">Die R\u00fcckerstattung oder der Ersatz des Kurses sind w\u00e4hrend des Aufenthalts der versicherten Person in Villars-sur-Ollon direkt im Hauptb\u00fcro der Schweizer Skischule Villars geltend zu machen. Nur in F\u00e4llen von Krankheit oder Unfall, die eine Reise der versicherten Person oder ihrer Angeh\u00f6rigen nicht zulassen, kann die Angelegenheit sp\u00e4ter per Post oder E-Mail geregelt werden.  <\/span><\/p>\n<p><span style=\"font-weight: 400;\">Gesetzliche Grundlagen  <\/span><\/p>\n<p><span style=\"font-weight: 400;\">Dieser Vertrag unterliegt dem Schweizer Recht. Im \u00dcbrigen gelten die Bestimmungen des Bundesgesetzes \u00fcber den Versicherungsvertrag (VVG) und das Obligationenrecht (OR). <\/span><\/p>\n<p><span style=\"font-weight: 400;\">Von der Versicherung ausgenommen <\/span><\/p>\n<p><span style=\"font-weight: 400;\">Alle anderen Situationen als die unter den Versicherungsbedingungen genannten.  <\/span><\/p>\n<p><span style=\"font-weight: 400;\">Trunkenheit, vors\u00e4tzliche und dolose Handlungen, bewusste Missachtung offizieller Verbote.<\/span><\/p>\n\t\t\t\t\t\t\t\t<\/div>\n\t\t\t\t<\/div>\n\t\t\t\t\t<\/div>\n\t\t\t\t<\/div>\n\t\t\t\t<\/div>\n\t\t\t\t\t<\/details>\n\t\t\t\t\t<\/div>\n\t\t\t\t\t\t<\/div>\n\t\t\t\t<\/div>\n\t\t\t\t<div class=\"elementor-element elementor-element-45fa3fc elementor-widget elementor-widget-heading\" data-id=\"45fa3fc\" data-element_type=\"widget\" data-e-type=\"widget\" data-widget_type=\"heading.default\">\n\t\t\t\t<div class=\"elementor-widget-container\">\n\t\t\t\t\t<h3 class=\"elementor-heading-title elementor-size-default\">6. Verantwortung<\/h3>\t\t\t\t<\/div>\n\t\t\t\t<\/div>\n\t\t\t\t<div class=\"elementor-element elementor-element-167ba26 elementor-widget elementor-widget-text-editor\" data-id=\"167ba26\" data-element_type=\"widget\" data-e-type=\"widget\" data-widget_type=\"text-editor.default\">\n\t\t\t\t<div class=\"elementor-widget-container\">\n\t\t\t\t\t\t\t\t\t<p><span style=\"font-weight: 400;\">Die Schweizer Skischule Villars kann nicht f\u00fcr eventuelle Verletzungen w\u00e4hrend des Kurses haftbar gemacht werden. Es ist ratsam, dass der\/die Klient\/in eine Unfallversicherung bei seinem\/ihrem pers\u00f6nlichen Versicherer abschliesst. <\/span><\/p>\n\t\t\t\t\t\t\t\t<\/div>\n\t\t\t\t<\/div>\n\t\t\t\t<div class=\"elementor-element elementor-element-a53706b elementor-widget elementor-widget-heading\" data-id=\"a53706b\" data-element_type=\"widget\" data-e-type=\"widget\" data-widget_type=\"heading.default\">\n\t\t\t\t<div class=\"elementor-widget-container\">\n\t\t\t\t\t<h3 class=\"elementor-heading-title elementor-size-default\">7. Bildrechte<\/h3>\t\t\t\t<\/div>\n\t\t\t\t<\/div>\n\t\t\t\t<div class=\"elementor-element elementor-element-34824a6 elementor-widget elementor-widget-text-editor\" data-id=\"34824a6\" data-element_type=\"widget\" data-e-type=\"widget\" data-widget_type=\"text-editor.default\">\n\t\t\t\t<div class=\"elementor-widget-container\">\n\t\t\t\t\t\t\t\t\t<p><span style=\"font-weight: 400;\">Der Kunde erteilt der Schweizer Skischule Villars die Erlaubnis, die w\u00e4hrend des Kurses aufgenommene(n) Foto(s) und Video(s) zu ver\u00f6ffentlichen, auszustellen oder zu verbreiten. Diese Genehmigung gilt f\u00fcr alle Verwendungszwecke (Ver\u00f6ffentlichungen, Website,&#8230;). Wenn der Kunde seine Genehmigung nicht erteilen m\u00f6chte, muss dieser bitte die Schweizer Skischule benachrichtigen. <\/span><\/p>\n\t\t\t\t\t\t\t\t<\/div>\n\t\t\t\t<\/div>\n\t\t\t\t<div class=\"elementor-element elementor-element-1ad896e elementor-widget elementor-widget-heading\" data-id=\"1ad896e\" data-element_type=\"widget\" data-e-type=\"widget\" data-widget_type=\"heading.default\">\n\t\t\t\t<div class=\"elementor-widget-container\">\n\t\t\t\t\t<h3 class=\"elementor-heading-title elementor-size-default\">8. Datenschutz<\/h3>\t\t\t\t<\/div>\n\t\t\t\t<\/div>\n\t\t\t\t<div class=\"elementor-element elementor-element-94129b7 elementor-widget elementor-widget-text-editor\" data-id=\"94129b7\" data-element_type=\"widget\" data-e-type=\"widget\" data-widget_type=\"text-editor.default\">\n\t\t\t\t<div class=\"elementor-widget-container\">\n\t\t\t\t\t\t\t\t\t<p><span style=\"font-weight: 400;\">Im Rahmen der von Schweizer Skischule Villars angebotenen Dienstleistungen muss Schweizer Skischule Villars Ihre pers\u00f6nlichen Daten speichern. Die Schule verwendet sie zur Verwaltung der Vertragsbeziehung (Rechnungsstellung, Zahlung, Verwaltung der Buchungen usw.), zur Durchf\u00fchrung von Marketingmassnahmen und zur Erf\u00fcllung ihrer gesetzlichen Verpflichtungen. <\/span><\/p>\n<p><span style=\"font-weight: 400;\">Die Daten der Kunden bleiben f\u00fcr den alleinigen Gebrauch und werden nicht an Dritte weitergegeben. Die Schweizer Skischule verpflichtet sich, eine angemessene Anzahl von Werbeanzeigen pro Jahr an seine Kunden zu senden.<\/span><\/p>\n\t\t\t\t\t\t\t\t<\/div>\n\t\t\t\t<\/div>\n\t\t\t\t<div class=\"elementor-element elementor-element-3bd4dbe elementor-widget elementor-widget-n-accordion\" data-id=\"3bd4dbe\" data-element_type=\"widget\" data-e-type=\"widget\" data-settings=\"{&quot;default_state&quot;:&quot;all_collapsed&quot;,&quot;max_items_expended&quot;:&quot;one&quot;,&quot;n_accordion_animation_duration&quot;:{&quot;unit&quot;:&quot;ms&quot;,&quot;size&quot;:400,&quot;sizes&quot;:[]}}\" data-widget_type=\"nested-accordion.default\">\n\t\t\t\t<div class=\"elementor-widget-container\">\n\t\t\t\t\t\t\t<div class=\"e-n-accordion\" aria-label=\"Accordion. Open links with Enter or Space, close with Escape, and navigate with Arrow Keys\">\n\t\t\t\t\t\t<details id=\"e-n-accordion-item-6270\" class=\"e-n-accordion-item\" >\n\t\t\t\t<summary class=\"e-n-accordion-item-title\" data-accordion-index=\"1\" tabindex=\"0\" aria-expanded=\"false\" aria-controls=\"e-n-accordion-item-6270\" >\n\t\t\t\t\t<span class='e-n-accordion-item-title-header'><div class=\"e-n-accordion-item-title-text\"> Mehr sehen <\/div><\/span>\n\t\t\t\t\t\t\t<span class='e-n-accordion-item-title-icon'>\n\t\t\t<span class='e-opened' ><i aria-hidden=\"true\" class=\"fas fa-minus\"><\/i><\/span>\n\t\t\t<span class='e-closed'><i aria-hidden=\"true\" class=\"fas fa-plus\"><\/i><\/span>\n\t\t<\/span>\n\n\t\t\t\t\t\t<\/summary>\n\t\t\t\t<div role=\"region\" aria-labelledby=\"e-n-accordion-item-6270\" class=\"elementor-element elementor-element-3f4c36e e-con-full e-flex e-con e-child\" data-id=\"3f4c36e\" data-element_type=\"container\" data-e-type=\"container\">\n\t\t<div role=\"region\" aria-labelledby=\"e-n-accordion-item-6270\" class=\"elementor-element elementor-element-37bccb1 e-flex e-con-boxed e-con e-child\" data-id=\"37bccb1\" data-element_type=\"container\" data-e-type=\"container\">\n\t\t\t\t\t<div class=\"e-con-inner\">\n\t\t\t\t<div class=\"elementor-element elementor-element-3ea3e12 elementor-widget elementor-widget-text-editor\" data-id=\"3ea3e12\" data-element_type=\"widget\" data-e-type=\"widget\" data-widget_type=\"text-editor.default\">\n\t\t\t\t<div class=\"elementor-widget-container\">\n\t\t\t\t\t\t\t\t\t<p><b>Datenschutz auf den Webseiten der Schweizer Skischule Villars<\/b><\/p>\n<p><span style=\"font-weight: 400;\">Der Schutz Ihrer Privatsph\u00e4re ist f\u00fcr uns von gr\u00f6sster Bedeutung. Bitte nehmen Sie unsere Datenschutzerkl\u00e4rung (Privacy Policy) zur Kenntnis.<\/span><\/p>\n<p><b>G\u00fcltigkeitsbereich<\/b><\/p>\n<p><span style=\"font-weight: 400;\">Diese Datenschutzerkl\u00e4rung bezieht sich auf die Verwendung von personenbezogenen Daten, die auf dieser Website erhoben werden. Im Rahmen dieser Datenschutzerkl\u00e4rung bezieht sich der Ausdruck \u201ediese Website\u201c auf die Website <\/span><a href=\"http:\/\/www.ess-villars.ch\"><span style=\"font-weight: 400;\">www.ess-villars.ch<\/span><\/a><span style=\"font-weight: 400;\">.<\/span><\/p>\n<p><span style=\"font-weight: 400;\">Die Schweizer Skischule Villars \u00fcbernimmt keine Garantie f\u00fcr die Einhaltung des Datenschutzes oder die Massnahmen, die ergriffen wurden, um diesen Schutz anderer Websites zu gew\u00e4hrleisten, auch wenn:<\/span><\/p>\n<ul>\n<li style=\"font-weight: 400;\" aria-level=\"1\"><span style=\"font-weight: 400;\">Sie \u00fcber einen Link auf unserer Seite auf eine fremde Website gelangt sind oder wenn<\/span><\/li>\n<li style=\"font-weight: 400;\" aria-level=\"1\"><span style=\"font-weight: 400;\">Sie <\/span> <span style=\"font-weight: 400;\">\u00fcber die Website eines Dritten auf unsere Website gelangt sind.<\/span><\/li>\n<\/ul>\n<p><b>Verantwortung f\u00fcr die auf dieser Website erhobenen personenbezogenen Daten<\/b><\/p>\n<p><span style=\"font-weight: 400;\">Die Schweizer Skischule Villars ist ein Unternehmen, das im Handelsregister des Kantons Waadt unter der Nummer CH-550.1.066.934-3 eingetragen ist und seinen Sitz in der Rue Centrale, 1884 Villars-sur-Ollon, Schweiz, hat. <\/span><\/p>\n<p><b>Zweck der Datennutzung  <\/b><\/p>\n<p><span style=\"font-weight: 400;\">Sie k\u00f6nnen unsere Website besuchen, ohne Angaben zu Ihrer Person machen zu m\u00fcssen. Lediglich nicht-personenbezogene Nutzungsdaten wie Ihre IP-Adresse, die zuletzt besuchte Seite, die verwendete Browser-Software, Datum, Uhrzeit usw. werden anonym gesammelt, um Trends aufzuzeigen und unser Online-Angebot zu verbessern. Dies ist das Statistik-Tool von Google Analytics. Diese Daten werden nicht dazu verwendet, R\u00fcckschl\u00fcsse auf Ihre Person zu ziehen.<\/span><\/p>\n<p><span style=\"font-weight: 400;\">Diese Informationen sind unerl\u00e4sslich f\u00fcr :<\/span><\/p>\n<ul>\n<li style=\"font-weight: 400;\" aria-level=\"1\"><span style=\"font-weight: 400;\">die Online-Buchung der verschiedenen Kurse, die wir anbieten<\/span><\/li>\n<li style=\"font-weight: 400;\" aria-level=\"1\"><span style=\"font-weight: 400;\">die Beantwortung von pers\u00f6nlich formulierten Anfragen und Antr\u00e4gen<\/span><\/li>\n<li style=\"font-weight: 400;\" aria-level=\"1\"><span style=\"font-weight: 400;\">die Bearbeitung Ihrer per E-Mail oder telefonisch get\u00e4tigten Buchungen<\/span><\/li>\n<li style=\"font-weight: 400;\" aria-level=\"1\"><span style=\"font-weight: 400;\">die Ausstellung Ihrer Buchungsbest\u00e4tigung, sowie das Versenden eventueller Aktualisierungen <\/span><\/li>\n<li style=\"font-weight: 400;\" aria-level=\"1\"><span style=\"font-weight: 400;\">die allgemeine Kommunikation mit Ihnen<\/span><\/li>\n<\/ul>\n<p><span style=\"font-weight: 400;\">Um die Qualit\u00e4t unseres Buchungsservices zu verbessern, erheben, speichern und verwenden wir auf den mit der Online-Kursbuchung verbundenen Seiten personenbezogene Daten von Ihnen (Name, Adresse, Telefonnummer, E-Mail-Adresse, gew\u00fcnschte Sprache f\u00fcr einen Kurs oder andere Bemerkungen zu Ihren Pr\u00e4ferenzen usw.).<\/span><\/p>\n<p><span style=\"font-weight: 400;\">Wenn Sie uns Ihre pers\u00f6nlichen Daten \u00fcber diese Website zur Verf\u00fcgung stellen, erkl\u00e4ren Sie sich damit einverstanden, dass wir diese Informationen speichern d\u00fcrfen. Wir k\u00f6nnen die mit Ihrem Konto verbundenen Informationen weiterhin verarbeiten, um unsere legitimen Gesch\u00e4ftsziele zu erreichen, unsere gesetzlichen und aufsichtsrechtlichen Verpflichtungen zu erf\u00fcllen und um eine Historie f\u00fcr unternehmensinterne Analysezwecke aufzubauen.<\/span><\/p>\n<p><b><br \/><\/b><b>Vertraulichkeit der Informationen<\/b><\/p>\n<p><span style=\"font-weight: 400;\">Ihre pers\u00f6nlichen Daten werden weder weiterverkauft noch an Dritte ausserhalb unserer Skischule weitergegeben. <\/span><\/p>\n<p><span style=\"font-weight: 400;\">Wir k\u00f6nnen Ihre Informationen nur in den folgenden F\u00e4llen weitergeben:<\/span><\/p>\n<ul>\n<li style=\"font-weight: 400;\" aria-level=\"1\"><span style=\"font-weight: 400;\">als Reaktion auf eine Vorladung, einen Gerichtsbeschluss oder ein anderes rechtliches Verfahren; um unsere gesetzlichen Rechte zu begr\u00fcnden oder auszu\u00fcben; um uns gegen rechtliche Anspr\u00fcche zu verteidigen; oder in allen anderen gesetzlich vorgesehenen F\u00e4llen. In diesen F\u00e4llen behalten wir uns das Recht vor, alle rechtlichen Einw\u00e4nde oder gesetzlichen Rechte, die uns zur Verf\u00fcgung stehen, zu erheben oder darauf zu verzichten.<\/span><\/li>\n<li style=\"font-weight: 400;\" aria-level=\"1\"><span style=\"font-weight: 400;\">Wenn wir es f\u00fcr angemessen halten, illegale oder mutmasslich illegale Aktivit\u00e4ten zu untersuchen, zu verhindern oder alle notwendigen Massnahmen gegen solche Aktivit\u00e4ten zu ergreifen; um die Rechte, das Eigentum oder die Sicherheit unseres Unternehmens, dieser Website, unserer Kunden oder Dritter zu sch\u00fctzen und zu verteidigen; und in \u00dcbereinstimmung mit unseren Nutzungsbedingungen und anderen Vereinbarungen.<\/span><\/li>\n<li style=\"font-weight: 400;\" aria-level=\"1\"><span style=\"font-weight: 400;\">Im Zusammenhang mit einem Gesch\u00e4ftsvorgang, wie z. B. einer Ver\u00e4usserung, einer Fusion, einem Zusammenschluss oder im Falle eines Konkurses.<\/span><\/li>\n<\/ul>\n<p><span style=\"font-weight: 400;\">Mit Ausnahme der oben genannten, alles in allem unwahrscheinlichen F\u00e4lle werden Ihre pers\u00f6nlichen Daten nicht an Dritte weitergegeben.<\/span><\/p>\n<p><b>Zugang zu oder Korrektur von Ihren pers\u00f6nlichen Daten<\/b><\/p>\n<p><span style=\"font-weight: 400;\">Wir bem\u00fchen uns, Ihre Daten so korrekt wie m\u00f6glich zu speichern. Wenn Sie uns kontaktieren m\u00f6chten, um die Informationen, die Sie uns \u00fcbermittelt haben, zu \u00fcberpr\u00fcfen, zu \u00e4ndern oder zu l\u00f6schen, kontaktieren Sie uns bitte per E-Mail an die folgende E-Mail-Adresse:  <\/span><a href=\"mailto:administration@ess-villars.ch\"><span style=\"font-weight: 400;\">info@ess-villars.ch<\/span><\/a><\/p>\n<p><b>Sicherheit Ihrer pers\u00f6nlichen Daten  <\/b><\/p>\n<p><span style=\"font-weight: 400;\">Es ist zwar richtig, dass keine Website oder Anwendung absolute Sicherheit garantieren kann, aber die Schweizer Skischule Villars wendet angemessene Sicherheitsmassnahmen auf administrativer, rechtlicher, technischer und physischer Ebene an, um unbefugten Zugriff oder Missbrauch der von Ihnen zur Verf\u00fcgung gestellten personenbezogenen Daten zu sch\u00fctzen und zu verhindern. Wir passen diese Massnahmen bei Bedarf laufend an die neuesten verf\u00fcgbaren Technologien an.<\/span><\/p>\n<p><b>L\u00f6schen von Daten  <\/b><\/p>\n<p><span style=\"font-weight: 400;\">Da Ihre Daten nur f\u00fcr die oben genannten Zwecke verwendet werden, werden wir sie auf Ihren Wunsch hin l\u00f6schen.<\/span><\/p>\n<p><b>Externe Links<\/b><\/p>\n<p><span style=\"font-weight: 400;\">Wenn ein Abschnitt dieser Website Links enth\u00e4lt, die zu anderen Websites f\u00fchren, sollten Sie wissen, dass diese Datenschutzrichtlinie nicht die Praktiken dieser Websites abdeckt. Wir empfehlen Ihnen daher, die Datenschutzrichtlinien dieser Websites zu lesen, um deren Praktiken in Bezug auf die Erhebung, Nutzung und Offenlegung pers\u00f6nlicher Daten zu verstehen.<\/span><\/p>\n<p><b>Werbe-Cookie und Datenschutzbestimmungen von Google<\/b><\/p>\n<p><span style=\"font-weight: 400;\">In einigen F\u00e4llen verwenden wir Cookies. Sie k\u00f6nnen Ihre Browser-Software so einstellen, dass eine Warnung auf dem Bildschirm erscheint, bevor ein Cookie gespeichert wird. Sie k\u00f6nnen auch auf die Vorteile von pers\u00f6nlichen Cookies verzichten, die Sie nicht pers\u00f6nlich erkennen und Ihrem Computer oder mobilen Ger\u00e4t nicht schaden k\u00f6nnen, die aber zur Qualit\u00e4t Ihrer zuk\u00fcnftigen Navigationen auf bereits besuchten Seiten beitragen. In diesem Fall k\u00f6nnen Sie bestimmte Dienste nicht nutzen.<\/span><\/p>\n<p><b>E-Mail und Newsletter<\/b><\/p>\n<p><span style=\"font-weight: 400;\">Die Schweizer Skischule Villars beh\u00e4lt sich das Recht vor, eine angemessene Anzahl von Newslettern zu versenden, um Sie \u00fcber unsere Produkte f\u00fcr die kommende Saison zu informieren. Wenn Sie diese nicht mehr erhalten m\u00f6chten, k\u00f6nnen Sie sich jederzeit abmelden, indem Sie auf den Abmeldelink im Newsletter klicken.  <\/span><\/p>\n<p><span style=\"font-weight: 400;\">Denken Sie daran, dass unverschl\u00fcsselt \u00fcbertragene Daten von unbefugten Dritten gelesen oder ver\u00e4ndert werden k\u00f6nnen.<\/span><\/p>\n<p><b>\u00c4nderungen an dieser Datenschutzerkl\u00e4rung.<\/b><\/p>\n<p><span style=\"font-weight: 400;\">Die Schweizer Skischule Villars kann diese Datenschutzerkl\u00e4rung jederzeit \u00e4ndern. Achten Sie also darauf, dass Sie sie regelm\u00e4ssig zu lesen.<\/span><\/p>\n<p><b>Rechtliche Grundlagen<\/b><\/p>\n<p><span style=\"font-weight: 400;\">Diese Erkl\u00e4rung st\u00fctzt sich auf das Bundesgesetz \u00fcber die <\/span><a href=\"http:\/\/www.admin.ch\/ch\/f\/rs\/c235_1.html\"><span style=\"font-weight: 400;\">\u00fcber den Datenschutz (DSG)<\/span><\/a><span style=\"font-weight: 400;\"> vom 19. Juni 1992.<\/span><\/p>\n<p><span style=\"font-weight: 400;\">Ihre Rechte (z.B. Auskunftsbegehren \u00fcber Ihre gespeicherten Daten) ergeben sich auch aus dem Pers\u00f6nlichkeitsschutz des Schweizerischen Zivilgesetzbuches (<\/span><a href=\"http:\/\/www.admin.ch\/opc\/fr\/classified-compilation\/19070042\/index.html#a28c\"><span style=\"font-weight: 400;\">Art. 28<\/span><\/a><span style=\"font-weight: 400;\">) und aus dem Bundesgesetz <\/span><a href=\"https:\/\/www.fedlex.admin.ch\/eli\/cc\/1988\/223_223_223\/fr\"><span style=\"font-weight: 400;\">gegen den unlauteren Wettbewerb (UWG)<\/span><\/a><span style=\"font-weight: 400;\">.<\/span><\/p>\n<p><span style=\"font-weight: 400;\">Diese Datenschutzrichtlinie ist ab dem 17. Oktober 2023 g\u00fcltig.<\/span><\/p>\n\t\t\t\t\t\t\t\t<\/div>\n\t\t\t\t<\/div>\n\t\t\t\t\t<\/div>\n\t\t\t\t<\/div>\n\t\t\t\t<\/div>\n\t\t\t\t\t<\/details>\n\t\t\t\t\t<\/div>\n\t\t\t\t\t\t<\/div>\n\t\t\t\t<\/div>\n\t\t\t\t<div class=\"elementor-element elementor-element-b8973aa elementor-widget elementor-widget-heading\" data-id=\"b8973aa\" data-element_type=\"widget\" data-e-type=\"widget\" data-widget_type=\"heading.default\">\n\t\t\t\t<div class=\"elementor-widget-container\">\n\t\t\t\t\t<h3 class=\"elementor-heading-title elementor-size-default\">8. Konflikte<\/h3>\t\t\t\t<\/div>\n\t\t\t\t<\/div>\n\t\t\t\t<div class=\"elementor-element elementor-element-9fbb68b elementor-widget elementor-widget-text-editor\" data-id=\"9fbb68b\" data-element_type=\"widget\" data-e-type=\"widget\" data-widget_type=\"text-editor.default\">\n\t\t\t\t<div class=\"elementor-widget-container\">\n\t\t\t\t\t\t\t\t\t<p><span style=\"font-weight: 400;\">Die Parteien werden sich bem\u00fchen, eventuelle Schwierigkeiten, die bei der Erf\u00fcllung des Vertrags auftreten k\u00f6nnen, g\u00fctlich zu l\u00f6sen. Falls keine g\u00fctliche Einigung erzielt werden kann, ist ausschliesslich das Schweizer Recht anwendbar. <\/span><\/p>\n<p><span style=\"font-weight: 400;\">Villars-sur-Ollon, den 1.<\/span><span style=\"font-weight: 400;\">er<\/span><span style=\"font-weight: 400;\"> November 2023<\/span><\/p>\n\t\t\t\t\t\t\t\t<\/div>\n\t\t\t\t<\/div>\n\t\t\t\t\t<\/div>\n\t\t\t\t<\/div>\n\t\t\t\t<\/div>\n\t\t","protected":false},"excerpt":{"rendered":"<p>Allgemeine Gesch\u00e4ftsbedingungen Allgemeine Gesch\u00e4ftsbedingungen der Schweizer Skischule Villars Die Inanspruchnahme von Leistungen der Schweizer Skischule Villars setzt die Annahme dieser Bedingungen voraus. 1. Beteiligte Alle Skilehrer der Schweizer Skischule Villars haben eine vom Kanton Waadt zertifizierte Ausbildung absolviert und verf\u00fcgen \u00fcber den Fachausweis zum Unterrichten von Ski oder anderen gleichgestellten Disziplinen. 2. Preise Die Tarife [&hellip;]<\/p>\n","protected":false},"author":1,"featured_media":0,"parent":0,"menu_order":0,"comment_status":"closed","ping_status":"closed","template":"","meta":{"_acf_changed":false,"footnotes":""},"class_list":["post-36290","page","type-page","status-publish","hentry"],"acf":[],"yoast_head":"<!-- This site is optimized with the Yoast SEO plugin v27.5 - https:\/\/yoast.com\/product\/yoast-seo-wordpress\/ -->\n<title>Allgemeine Gesch\u00e4ftsbedingungen - ESS Villars<\/title>\n<meta name=\"description\" content=\"Fahrpl\u00e4ne der Z\u00fcge Villars-Bretaye und Roc d&#039;Orsay-Gondelbahn\" \/>\n<meta name=\"robots\" content=\"index, follow, max-snippet:-1, max-image-preview:large, max-video-preview:-1\" \/>\n<link rel=\"canonical\" href=\"https:\/\/ess-villars.ch\/de\/pratique\/conditions-generales\/\" \/>\n<meta property=\"og:locale\" content=\"de_DE\" \/>\n<meta property=\"og:type\" content=\"article\" \/>\n<meta property=\"og:title\" content=\"Allgemeine Gesch\u00e4ftsbedingungen - ESS Villars\" \/>\n<meta property=\"og:description\" content=\"Fahrpl\u00e4ne der Z\u00fcge Villars-Bretaye und Roc d&#039;Orsay-Gondelbahn\" \/>\n<meta property=\"og:url\" content=\"https:\/\/ess-villars.ch\/de\/pratique\/conditions-generales\" \/>\n<meta property=\"og:site_name\" content=\"ESS Villars\" \/>\n<meta property=\"article:modified_time\" content=\"2024-10-23T12:23:29+00:00\" \/>\n<meta property=\"og:image\" content=\"https:\/\/ess-villars.ch\/wp-content\/uploads\/2024\/08\/cours-protect-all.png\" \/>\n\t<meta property=\"og:image:width\" content=\"806\" \/>\n\t<meta property=\"og:image:height\" content=\"446\" \/>\n\t<meta property=\"og:image:type\" content=\"image\/png\" \/>\n<meta name=\"twitter:card\" content=\"summary_large_image\" \/>\n<meta name=\"twitter:label1\" content=\"Gesch\u00e4tzte Lesezeit\" \/>\n\t<meta name=\"twitter:data1\" content=\"20\u00a0Minuten\" \/>\n<script type=\"application\/ld+json\" class=\"yoast-schema-graph\">{\"@context\":\"https:\\\/\\\/schema.org\",\"@graph\":[{\"@type\":\"WebPage\",\"@id\":\"https:\\\/\\\/ess-villars.ch\\\/de\\\/pratique\\\/conditions-generales\",\"url\":\"https:\\\/\\\/ess-villars.ch\\\/de\\\/pratique\\\/conditions-generales\",\"name\":\"Allgemeine Gesch\u00e4ftsbedingungen - ESS Villars\",\"isPartOf\":{\"@id\":\"https:\\\/\\\/ess-villars.ch\\\/de\\\/#website\"},\"primaryImageOfPage\":{\"@id\":\"https:\\\/\\\/ess-villars.ch\\\/de\\\/pratique\\\/conditions-generales#primaryimage\"},\"image\":{\"@id\":\"https:\\\/\\\/ess-villars.ch\\\/de\\\/pratique\\\/conditions-generales#primaryimage\"},\"thumbnailUrl\":\"https:\\\/\\\/ess-villars.ch\\\/wp-content\\\/uploads\\\/2024\\\/08\\\/cours-protect-all.png\",\"datePublished\":\"2023-08-28T10:01:43+00:00\",\"dateModified\":\"2024-10-23T12:23:29+00:00\",\"description\":\"Fahrpl\u00e4ne der Z\u00fcge Villars-Bretaye und Roc d'Orsay-Gondelbahn\",\"breadcrumb\":{\"@id\":\"https:\\\/\\\/ess-villars.ch\\\/de\\\/pratique\\\/conditions-generales#breadcrumb\"},\"inLanguage\":\"de\",\"potentialAction\":[{\"@type\":\"ReadAction\",\"target\":[\"https:\\\/\\\/ess-villars.ch\\\/de\\\/pratique\\\/conditions-generales\"]}]},{\"@type\":\"ImageObject\",\"inLanguage\":\"de\",\"@id\":\"https:\\\/\\\/ess-villars.ch\\\/de\\\/pratique\\\/conditions-generales#primaryimage\",\"url\":\"https:\\\/\\\/ess-villars.ch\\\/wp-content\\\/uploads\\\/2024\\\/08\\\/cours-protect-all.png\",\"contentUrl\":\"https:\\\/\\\/ess-villars.ch\\\/wp-content\\\/uploads\\\/2024\\\/08\\\/cours-protect-all.png\"},{\"@type\":\"BreadcrumbList\",\"@id\":\"https:\\\/\\\/ess-villars.ch\\\/de\\\/pratique\\\/conditions-generales#breadcrumb\",\"itemListElement\":[{\"@type\":\"ListItem\",\"position\":1,\"name\":\"Home\",\"item\":\"https:\\\/\\\/ess-villars.ch\\\/de\\\/\"},{\"@type\":\"ListItem\",\"position\":2,\"name\":\"Allgemeine Gesch\u00e4ftsbedingungen\"}]},{\"@type\":\"WebSite\",\"@id\":\"https:\\\/\\\/ess-villars.ch\\\/de\\\/#website\",\"url\":\"https:\\\/\\\/ess-villars.ch\\\/de\\\/\",\"name\":\"ESS Villars\",\"description\":\"Join the red legend !\",\"publisher\":{\"@id\":\"https:\\\/\\\/ess-villars.ch\\\/de\\\/#organization\"},\"potentialAction\":[{\"@type\":\"SearchAction\",\"target\":{\"@type\":\"EntryPoint\",\"urlTemplate\":\"https:\\\/\\\/ess-villars.ch\\\/de\\\/?s={search_term_string}\"},\"query-input\":{\"@type\":\"PropertyValueSpecification\",\"valueRequired\":true,\"valueName\":\"search_term_string\"}}],\"inLanguage\":\"de\"},{\"@type\":\"Organization\",\"@id\":\"https:\\\/\\\/ess-villars.ch\\\/de\\\/#organization\",\"name\":\"ESS Villars\",\"url\":\"https:\\\/\\\/ess-villars.ch\\\/de\\\/\",\"logo\":{\"@type\":\"ImageObject\",\"inLanguage\":\"de\",\"@id\":\"https:\\\/\\\/ess-villars.ch\\\/de\\\/#\\\/schema\\\/logo\\\/image\\\/\",\"url\":\"https:\\\/\\\/ess-villars.ch\\\/wp-content\\\/uploads\\\/2023\\\/08\\\/ESS_Villars_logo_png.png\",\"contentUrl\":\"https:\\\/\\\/ess-villars.ch\\\/wp-content\\\/uploads\\\/2023\\\/08\\\/ESS_Villars_logo_png.png\",\"width\":1181,\"height\":1181,\"caption\":\"ESS Villars\"},\"image\":{\"@id\":\"https:\\\/\\\/ess-villars.ch\\\/de\\\/#\\\/schema\\\/logo\\\/image\\\/\"}}]}<\/script>\n<!-- \/ Yoast SEO plugin. -->","yoast_head_json":{"title":"Allgemeine Gesch\u00e4ftsbedingungen - ESS Villars","description":"Fahrpl\u00e4ne der Z\u00fcge Villars-Bretaye und Roc d'Orsay-Gondelbahn","robots":{"index":"index","follow":"follow","max-snippet":"max-snippet:-1","max-image-preview":"max-image-preview:large","max-video-preview":"max-video-preview:-1"},"canonical":"https:\/\/ess-villars.ch\/de\/pratique\/conditions-generales\/","og_locale":"de_DE","og_type":"article","og_title":"Allgemeine Gesch\u00e4ftsbedingungen - ESS Villars","og_description":"Fahrpl\u00e4ne der Z\u00fcge Villars-Bretaye und Roc d'Orsay-Gondelbahn","og_url":"https:\/\/ess-villars.ch\/de\/pratique\/conditions-generales","og_site_name":"ESS Villars","article_modified_time":"2024-10-23T12:23:29+00:00","og_image":[{"width":806,"height":446,"url":"https:\/\/ess-villars.ch\/wp-content\/uploads\/2024\/08\/cours-protect-all.png","type":"image\/png"}],"twitter_card":"summary_large_image","twitter_misc":{"Gesch\u00e4tzte Lesezeit":"20\u00a0Minuten"},"schema":{"@context":"https:\/\/schema.org","@graph":[{"@type":"WebPage","@id":"https:\/\/ess-villars.ch\/de\/pratique\/conditions-generales","url":"https:\/\/ess-villars.ch\/de\/pratique\/conditions-generales","name":"Allgemeine Gesch\u00e4ftsbedingungen - ESS Villars","isPartOf":{"@id":"https:\/\/ess-villars.ch\/de\/#website"},"primaryImageOfPage":{"@id":"https:\/\/ess-villars.ch\/de\/pratique\/conditions-generales#primaryimage"},"image":{"@id":"https:\/\/ess-villars.ch\/de\/pratique\/conditions-generales#primaryimage"},"thumbnailUrl":"https:\/\/ess-villars.ch\/wp-content\/uploads\/2024\/08\/cours-protect-all.png","datePublished":"2023-08-28T10:01:43+00:00","dateModified":"2024-10-23T12:23:29+00:00","description":"Fahrpl\u00e4ne der Z\u00fcge Villars-Bretaye und Roc d'Orsay-Gondelbahn","breadcrumb":{"@id":"https:\/\/ess-villars.ch\/de\/pratique\/conditions-generales#breadcrumb"},"inLanguage":"de","potentialAction":[{"@type":"ReadAction","target":["https:\/\/ess-villars.ch\/de\/pratique\/conditions-generales"]}]},{"@type":"ImageObject","inLanguage":"de","@id":"https:\/\/ess-villars.ch\/de\/pratique\/conditions-generales#primaryimage","url":"https:\/\/ess-villars.ch\/wp-content\/uploads\/2024\/08\/cours-protect-all.png","contentUrl":"https:\/\/ess-villars.ch\/wp-content\/uploads\/2024\/08\/cours-protect-all.png"},{"@type":"BreadcrumbList","@id":"https:\/\/ess-villars.ch\/de\/pratique\/conditions-generales#breadcrumb","itemListElement":[{"@type":"ListItem","position":1,"name":"Home","item":"https:\/\/ess-villars.ch\/de\/"},{"@type":"ListItem","position":2,"name":"Allgemeine Gesch\u00e4ftsbedingungen"}]},{"@type":"WebSite","@id":"https:\/\/ess-villars.ch\/de\/#website","url":"https:\/\/ess-villars.ch\/de\/","name":"ESS Villars","description":"Join the red legend !","publisher":{"@id":"https:\/\/ess-villars.ch\/de\/#organization"},"potentialAction":[{"@type":"SearchAction","target":{"@type":"EntryPoint","urlTemplate":"https:\/\/ess-villars.ch\/de\/?s={search_term_string}"},"query-input":{"@type":"PropertyValueSpecification","valueRequired":true,"valueName":"search_term_string"}}],"inLanguage":"de"},{"@type":"Organization","@id":"https:\/\/ess-villars.ch\/de\/#organization","name":"ESS Villars","url":"https:\/\/ess-villars.ch\/de\/","logo":{"@type":"ImageObject","inLanguage":"de","@id":"https:\/\/ess-villars.ch\/de\/#\/schema\/logo\/image\/","url":"https:\/\/ess-villars.ch\/wp-content\/uploads\/2023\/08\/ESS_Villars_logo_png.png","contentUrl":"https:\/\/ess-villars.ch\/wp-content\/uploads\/2023\/08\/ESS_Villars_logo_png.png","width":1181,"height":1181,"caption":"ESS Villars"},"image":{"@id":"https:\/\/ess-villars.ch\/de\/#\/schema\/logo\/image\/"}}]}},"_links":{"self":[{"href":"https:\/\/ess-villars.ch\/de\/wp-json\/wp\/v2\/pages\/36290","targetHints":{"allow":["GET"]}}],"collection":[{"href":"https:\/\/ess-villars.ch\/de\/wp-json\/wp\/v2\/pages"}],"about":[{"href":"https:\/\/ess-villars.ch\/de\/wp-json\/wp\/v2\/types\/page"}],"author":[{"embeddable":true,"href":"https:\/\/ess-villars.ch\/de\/wp-json\/wp\/v2\/users\/1"}],"replies":[{"embeddable":true,"href":"https:\/\/ess-villars.ch\/de\/wp-json\/wp\/v2\/comments?post=36290"}],"version-history":[{"count":19,"href":"https:\/\/ess-villars.ch\/de\/wp-json\/wp\/v2\/pages\/36290\/revisions"}],"predecessor-version":[{"id":47221,"href":"https:\/\/ess-villars.ch\/de\/wp-json\/wp\/v2\/pages\/36290\/revisions\/47221"}],"wp:attachment":[{"href":"https:\/\/ess-villars.ch\/de\/wp-json\/wp\/v2\/media?parent=36290"}],"curies":[{"name":"wp","href":"https:\/\/api.w.org\/{rel}","templated":true}]}}